{"version":"1.0","provider_name":"Saj\u00e1t utakon","provider_url":"https:\/\/sajatutakon.cafeblog.hu","author_name":"novakemese","author_url":"https:\/\/sajatutakon.cafeblog.hu\/author\/emesesziget\/","title":"Szokv\u00e1nyos vs. szokatlan","html":"<p><img class=\"wp-image-109 size-medium\" src=\"https:\/\/sajatutakon.cafeblog.hu\/files\/2020\/05\/mozgas_suhanas-300x200.jpg\" alt=\"\" width=\"300\" height=\"200\" \/><\/p>\r\n<p><strong>Az \u00e9ppen aktu\u00e1lis k\u00f6nyvemet olvasva felfigyeltem erre a mondatra: \"A szokv\u00e1nyos az olyan, mint amikor kin\u00e9zel a kocsi ablak\u00e1n. Elsuhan el\u0151tted mindenf\u00e9le, ez meg az, mindenf\u00e9le k\u00fcl\u00f6n\u00f6sebb jelent\u0151s\u00e9g n\u00e9lk\u00fcl.\"\u00a0 Eszembe jutott, hogy mostan\u00e1ban \u00e9n is gyakrabban utaztam vonattal (m\u00e9g a j\u00e1rv\u00e1ny el\u0151tt), mindig ugyanazon az \u00fatvonalon. Kib\u00e1mulok az ablakon, n\u00e9zem az elsuhan\u00f3 t\u00e1jat. Hiszen ebben val\u00f3ban nincs semmi k\u00fcl\u00f6n\u00f6s, csak \u00fcl\u00f6k, \u00e9s v\u00e1rom az \u00fat v\u00e9g\u00e9t, amikor v\u00e9gre lesz\u00e1llhatok a c\u00e9l\u00e1llom\u00e1son.<\/strong><\/p>\r\n<p>&nbsp;<\/p>\r\n<p>Mit is \u00e9rt\u00fcnk <i>szokv\u00e1nyos <\/i>alatt? Fellapoztam az egyik online \u00e9rtelmez\u0151 sz\u00f3t\u00e1rt, \u00e9s ez \u00e1llt benne:<\/p>\r\n<p>&nbsp;<\/p>\r\n<p><b>szokv\u00e1nyos<\/b><\/p>\r\n<p>olyan, amiben nincsen semmi \u00fajszer\u0171, semmi k\u00fcl\u00f6n\u00f6s;<\/p>\r\n<p>hagyom\u00e1nyos, h\u00e9tk\u00f6znapi, k\u00f6z\u00f6ns\u00e9ges, tipikus, konvencion\u00e1lis;<\/p>\r\n<p>k\u00f6z\u00e9pszer\u0171, k\u00f6zkelet\u0171, szok\u00e1sos, norm\u00e1l, megszokott, \u00e1tlagos<\/p>\r\n<p>&nbsp;<\/p>\r\n<p>Tal\u00e1n ilyen volt az \u00e9leted a v\u00edrushelyzet el\u0151tt vagy ink\u00e1bb ut\u00e1na. Csak \u00fagy elillantak a napok, hetek, h\u00f3napok \u00e9s vissza sem gondolt\u00e1l, hogy mit lehetett volna jobban vagy m\u00e1sk\u00e9ppen tenni \u00e9s mondani.<\/p>\r\n<p>&nbsp;<\/p>\r\n<p><span style=\"color: #993300\">3 fontos gondolat, hogy a saj\u00e1t utadra l\u00e9pj:<\/span><\/p>\r\n<p>&nbsp;<\/p>\r\n<ol>\r\n<li>Ha vil\u00e1g\u00e9letedben azt hallottad, hogy p\u00e9ld\u00e1ul mit fognak sz\u00f3lni az oszt\u00e1lyt\u00e1rsak\/szomsz\u00e9dok\/bar\u00e1tok\/rokonok, ha ezt \u00e9s ezt megtudj\u00e1k, megl\u00e1tj\u00e1k, ha valami olyat csin\u00e1lt\u00e1l, ami el\u00fct\u00f6tt a \"norm\u00e1list\u00f3l\", mind a mai napig tudat alatt hordozod magadban ezt a valahol m\u00e9lyen begy\u00f6kerezett hangot. B\u00e1rmilyen v\u00e1ltoz\u00e1st szeretn\u00e9l hozni, ott lapul a lelkiismeret furdal\u00e1s, ami miatt csak halogatsz \u00e9s nem mersz tov\u00e1bbl\u00e9pni.<\/li>\r\n<\/ol>\r\n<p>&nbsp;<\/p>\r\n<p style=\"text-align: left\"><b>\u00a0 \u00a0 \u00a0Ha viszont ezt elengeded, hihetetlen er\u0151vel tudsz elindulni a saj\u00e1t utadon.<\/b><\/p>\r\n<p>&nbsp;<\/p>\r\n<ol>\r\n<li>Vannak olyan ber\u00f6gz\u00fclt g\u00e1tjaid, amelyeket csak \u00fagy megtan\u00edtottak neked, de lehet, hogy hozz\u00e1d egy\u00e1ltal\u00e1n nem \u00e1llnak k\u00f6zel. Ezeket musz\u00e1j elengedned ahhoz, hogy egy kicsit m\u00e1sf\u00e9le, kicsit sz\u00ednesebb, kicsit izgalmasabb \u00e9letet \u00e9lj.<\/li>\r\n<\/ol>\r\n<p>&nbsp;<\/p>\r\n<p><b>\u00a0 \u00a0 \u00a0Vonatkoztass el a s\u00e9m\u00e1kt\u00f3l, \u00e9s l\u00e9pd \u00e1t a gondolkod\u00e1si hat\u00e1raidat.<\/b><\/p>\r\n<p>&nbsp;<\/p>\r\n<ol>\r\n<li>Van egy szem\u00e9lyes z\u00f3n\u00e1nk, amelyet j\u00f3l ismer\u00fcnk, k\u00e9nyelmes, minden a megszokott mederben zajlik benne, mindennek megvan a maga helye \u00e9s rendje. Ebbe a biztons\u00e1gos k\u00f6zegbe semmilyen v\u00e1ltoz\u00e1s \u00e9s \u00fajdons\u00e1g nem f\u00e9rk\u0151zik be.<\/li>\r\n<\/ol>\r\n<p>&nbsp;<\/p>\r\n<p><b>\u00a0 \u00a0 \u00a0Ahhoz teh\u00e1t, hogy nyitott legy\u00e9l az \u00e9let kih\u00edv\u00e1saira, az \u00faj dolgokra \u00e9s befogadd a v\u00e1ltoz\u00e1st, \u00e9rdemes kimozdulnod bel\u0151le.<\/b><\/p>\r\n<p>&nbsp;<\/p>\r\n<p>Mi is a<i> szokv\u00e1nyos<\/i> ellent\u00e9te?<\/p>\r\n<p>bizarr, fura, groteszk, idegen, k\u00fcl\u00f6n\u00f6s, nem\u00a0megszokott, nem\u00a0mindennapi, rendhagy\u00f3; szok\u00e1sost\u00f3l\u00a0elt\u00e9r\u0151, szokatlan;<\/p>\r\n<p>\u00e9rdekes, \u00e9rdekfesz\u00edt\u0151, figyelmet\u00a0\u00e9rdeml\u0151;<\/p>\r\n<p>egyszeri, kiv\u00e9teles, rendellenes<\/p>\r\n<p>&nbsp;<\/p>\r\n<p>Hm. Elgondolkodtat\u00f3.<\/p>\r\n<p>&nbsp;<\/p>\r\n<p>Ha kreat\u00edv \u00e9letet szeretn\u00e9l \u00e9lni, akkor el kell tudnod szakadni att\u00f3l, amit \u00e1lland\u00f3nak, megszokottnak gondolsz az\u00e9rt, hogy megl\u00e1sd a lehet\u0151s\u00e9geket \u00e9s befogadd ezt az izgalmas vil\u00e1got.<\/p>\r\n<p>&nbsp;<\/p>\r\n<p><b>A kulcssz\u00f3: n\u00e9z\u0151pontv\u00e1lt\u00e1s.<\/b><\/p>\r\n[caption id=\"attachment_110\" align=\"aligncenter\" width=\"244\"]<img class=\"wp-image-110 size-medium\" src=\"https:\/\/sajatutakon.cafeblog.hu\/files\/2020\/05\/nezopont1-244x300.jpg\" alt=\"\" width=\"244\" height=\"300\" \/> forr\u00e1s:pixabay[\/caption]\r\n<p>Tudom\u00e1nyos kutat\u00e1sok szerint rutingondolkod\u00e1skor azokat a m\u00f3dszereket alkalmazzuk, amelyek m\u00e1r kor\u00e1bban bizony\u00edtottak, \u00e9s \u00fagy v\u00e9lj\u00fck, minden alkalommal tuti recept, nem keres\u00fcnk \u00fajakat, \u00e9s nem b\u00edr\u00e1ljuk fel\u00fcl a r\u00e9gieket, abban b\u00edzunk, ami m\u00e1r bev\u00e1lt.<\/p>\r\n<p>Ezzel szemben, ha kreat\u00edvan gondolkodunk, akkor \u00fajrafogalmazzuk a probl\u00e9m\u00e1t, t\u00f6bb ir\u00e1nyb\u00f3l k\u00f6zel\u00edt\u00fcnk hozz\u00e1, t\u00f6reksz\u00fcnk az \u00fajszer\u0171, egyedi megold\u00e1sokra, fel\u00fclb\u00edr\u00e1ljuk a kor\u00e1bban bev\u00e1lt m\u00f3dszereket, \u00e9s ha kell, m\u00f3dos\u00edtunk rajtuk.<\/p>\r\n<p>Amikor kin\u00e9zel a kocsi vagy a vonat ablak\u00e1n, az<i> \"elsuhan\u00f3 ez meg az mindenf\u00e9le k\u00fcl\u00f6n\u00f6sebb jelent\u0151s\u00e9g n\u00e9lk\u00fcl\"<\/i> helyett kezd el m\u00e1sk\u00e9pp szeml\u00e9lni a t\u00e1jat, m\u00e1s perspekt\u00edv\u00e1b\u00f3l, kiv\u00e1ncsian. M\u00e1ris sz\u00ednesebb lesz a vil\u00e1g mindegyik c\u00e9l\u00e1llom\u00e1s fel\u00e9. Ha ez siker\u00fclt, hidd el, m\u00e1r meg is tetted az els\u0151 l\u00e9p\u00e9st a v\u00e1ltoz\u00e1s fel\u00e9.<\/p>\r\n[caption id=\"attachment_112\" align=\"aligncenter\" width=\"300\"]<img class=\"wp-image-112 size-medium\" src=\"https:\/\/sajatutakon.cafeblog.hu\/files\/2020\/05\/nezopont_fokusz-300x200.jpg\" alt=\"\" width=\"300\" height=\"200\" \/> forr\u00e1s:pixabay[\/caption]\r\n<p><span style=\"color: #993300\">B\u00e1rmilyen \u00e9rz\u00e9s, gondolat, k\u00e9rd\u00e9s felmer\u00fclt benned, sz\u00edvesen meghallgatlak \u00e9s ha szeretn\u00e9d, elk\u00eds\u00e9rlek mindaddig, am\u00edg meg nem tal\u00e1lod a <a style=\"color: #993300\" href=\"http:\/\/novakemesecoach.hu\">saj\u00e1t utad<\/a>.<\/span><\/p>","type":"rich","thumbnail_url":"https:\/\/sajatutakon.cafeblog.hu\/files\/2020\/05\/mozgas_suhanas-150x150.jpg","thumbnail_width":150,"thumbnail_height":150}